{"id":1493,"date":"2020-10-09T13:52:02","date_gmt":"2020-10-09T13:52:02","guid":{"rendered":"https:\/\/mfc08.de\/?page_id=1493"},"modified":"2021-03-11T12:42:11","modified_gmt":"2021-03-11T12:42:11","slug":"news","status":"publish","type":"page","link":"https:\/\/mfc08.de\/?page_id=1493","title":{"rendered":"News"},"content":{"rendered":"\t\t<div data-elementor-type=\"wp-page\" data-elementor-id=\"1493\" class=\"elementor elementor-1493\">\n\t\t\t\t\t\t<section class=\"elementor-section elementor-top-section elementor-element elementor-element-a8d7e76 elementor-section-boxed elementor-section-height-default elementor-section-height-default\" data-id=\"a8d7e76\" data-element_type=\"section\" data-e-type=\"section\">\n\t\t\t\t\t\t<div class=\"elementor-container elementor-column-gap-default\">\n\t\t\t\t\t<div class=\"elementor-column elementor-col-100 elementor-top-column elementor-element elementor-element-b28ebaa\" data-id=\"b28ebaa\" data-element_type=\"column\" data-e-type=\"column\">\n\t\t\t<div class=\"elementor-widget-wrap\">\n\t\t\t\t\t\t\t<\/div>\n\t\t<\/div>\n\t\t\t\t\t<\/div>\n\t\t<\/section>\n\t\t\t\t<section class=\"elementor-section elementor-top-section elementor-element elementor-element-c7e6755 elementor-section-boxed elementor-section-height-default elementor-section-height-default\" data-id=\"c7e6755\" data-element_type=\"section\" data-e-type=\"section\">\n\t\t\t\t\t\t<div class=\"elementor-container elementor-column-gap-default\">\n\t\t\t\t\t<div class=\"elementor-column elementor-col-100 elementor-top-column elementor-element elementor-element-8cb0618\" data-id=\"8cb0618\" data-element_type=\"column\" data-e-type=\"column\">\n\t\t\t<div class=\"elementor-widget-wrap elementor-element-populated\">\n\t\t\t\t\t\t<div class=\"elementor-element elementor-element-c5132b1 elementor-grid-eael-col-3 elementor-grid-tablet-eael-col-2 elementor-grid-mobile-eael-col-1 elementor-widget elementor-widget-eael-post-grid\" data-id=\"c5132b1\" data-element_type=\"widget\" data-e-type=\"widget\" data-settings=\"{&quot;eael_post_grid_columns&quot;:&quot;eael-col-3&quot;,&quot;eael_post_grid_columns_tablet&quot;:&quot;eael-col-2&quot;,&quot;eael_post_grid_columns_mobile&quot;:&quot;eael-col-1&quot;}\" data-widget_type=\"eael-post-grid.default\">\n\t\t\t\t<div class=\"elementor-widget-container\">\n\t\t\t\t\t<div id=\"eael-post-grid-c5132b1\" class=\"eael-post-grid-container\">\n            <div class=\"eael-post-grid eael-post-appender eael-post-appender-c5132b1 eael-post-grid-style-one\" data-layout-mode=\"grid\"><article class=\"eael-grid-post  eael-post-grid-column eael-pg-post-9937 category-jugend-uncategorized\" data-id=\"9937\">\n        <div class=\"eael-grid-post-holder\">\n            <div class=\"eael-grid-post-holder-inner\"><div class=\"eael-entry-media\"><div class=\"eael-entry-overlay fade-in\"><i class=\"fas fa-long-arrow-alt-right\" aria-hidden=\"true\"><\/i><a href=\"https:\/\/mfc08.de\/?p=9937\"><\/a><\/div><div class=\"eael-entry-thumbnail \">\n                <img fetchpriority=\"high\" decoding=\"async\" width=\"1600\" height=\"1200\" src=\"https:\/\/mfc08.de\/wp-content\/uploads\/2026\/03\/WhatsApp-Image-2026-03-01-at-18.42.17.jpeg\" class=\"attachment-full size-full wp-image-9938\" alt=\"\" srcset=\"https:\/\/mfc08.de\/wp-content\/uploads\/2026\/03\/WhatsApp-Image-2026-03-01-at-18.42.17.jpeg 1600w, https:\/\/mfc08.de\/wp-content\/uploads\/2026\/03\/WhatsApp-Image-2026-03-01-at-18.42.17-300x225.jpeg 300w, https:\/\/mfc08.de\/wp-content\/uploads\/2026\/03\/WhatsApp-Image-2026-03-01-at-18.42.17-1024x768.jpeg 1024w, https:\/\/mfc08.de\/wp-content\/uploads\/2026\/03\/WhatsApp-Image-2026-03-01-at-18.42.17-768x576.jpeg 768w, https:\/\/mfc08.de\/wp-content\/uploads\/2026\/03\/WhatsApp-Image-2026-03-01-at-18.42.17-1536x1152.jpeg 1536w\" sizes=\"(max-width: 1600px) 100vw, 1600px\" \/>\n            <\/div>\n        <\/div><div class=\"eael-entry-wrapper\"><header class=\"eael-entry-header\"><h2 class=\"eael-entry-title\"><a class=\"eael-grid-post-link\" href=\"https:\/\/mfc08.de\/?p=9937\" title=\"Turniersieg in Sch\u00f6nau: Die 2015er des MFC 08 Lindenhof thronen ganz oben!\">Turniersieg in Sch\u00f6nau: Die 2015er des MFC 08 Lindenhof thronen ganz oben!<\/a><\/h2><\/header><div class=\"eael-entry-content\">\n                        <div class=\"eael-grid-post-excerpt\"><p>Was f\u00fcr ein Sonntag! W\u00e4hrend sich Mannheim am Morgen noch den Schlaf...<\/p><a href=\"https:\/\/mfc08.de\/?p=9937\" class=\"eael-post-elements-readmore-btn\">weiterlesen<\/a><\/div>\n                    <\/div><div class=\"eael-entry-footer\"><div class=\"eael-entry-meta\"><span class=\"eael-posted-on\"><time datetime=\"5. M\u00e4rz 2026\">5. M\u00e4rz 2026<\/time><\/span><\/div><\/div><\/div><\/div>\n        <\/div>\n    <\/article><article class=\"eael-grid-post  eael-post-grid-column eael-pg-post-9881 category-jugend-uncategorized\" data-id=\"9881\">\n        <div class=\"eael-grid-post-holder\">\n            <div class=\"eael-grid-post-holder-inner\"><div class=\"eael-entry-media\"><div class=\"eael-entry-overlay fade-in\"><i class=\"fas fa-long-arrow-alt-right\" aria-hidden=\"true\"><\/i><a href=\"https:\/\/mfc08.de\/?p=9881\"><\/a><\/div><div class=\"eael-entry-thumbnail \">\n                <img decoding=\"async\" width=\"2048\" height=\"1024\" src=\"https:\/\/mfc08.de\/wp-content\/uploads\/2024\/01\/BILD-Einladung-JHV-2024.jpeg\" class=\"attachment-full size-full wp-image-7364\" alt=\"\" srcset=\"https:\/\/mfc08.de\/wp-content\/uploads\/2024\/01\/BILD-Einladung-JHV-2024.jpeg 2048w, https:\/\/mfc08.de\/wp-content\/uploads\/2024\/01\/BILD-Einladung-JHV-2024-300x150.jpeg 300w, https:\/\/mfc08.de\/wp-content\/uploads\/2024\/01\/BILD-Einladung-JHV-2024-1024x512.jpeg 1024w, https:\/\/mfc08.de\/wp-content\/uploads\/2024\/01\/BILD-Einladung-JHV-2024-768x384.jpeg 768w, https:\/\/mfc08.de\/wp-content\/uploads\/2024\/01\/BILD-Einladung-JHV-2024-1536x768.jpeg 1536w\" sizes=\"(max-width: 2048px) 100vw, 2048px\" \/>\n            <\/div>\n        <\/div><div class=\"eael-entry-wrapper\"><header class=\"eael-entry-header\"><h2 class=\"eael-entry-title\"><a class=\"eael-grid-post-link\" href=\"https:\/\/mfc08.de\/?p=9881\" title=\"Einladung zur Jugendversammlung\u00a02026\">Einladung zur Jugendversammlung\u00a02026<\/a><\/h2><\/header><div class=\"eael-entry-content\">\n                        <div class=\"eael-grid-post-excerpt\"><p>An alle Mitglieder der Jugendabteilung,&nbsp; hiermit laden wir euch herzlich zur Jugendhauptversammlung...<\/p><a href=\"https:\/\/mfc08.de\/?p=9881\" class=\"eael-post-elements-readmore-btn\">weiterlesen<\/a><\/div>\n                    <\/div><div class=\"eael-entry-footer\"><div class=\"eael-entry-meta\"><span class=\"eael-posted-on\"><time datetime=\"8. Februar 2026\">8. Februar 2026<\/time><\/span><\/div><\/div><\/div><\/div>\n        <\/div>\n    <\/article><article class=\"eael-grid-post  eael-post-grid-column eael-pg-post-9869 category-jugend-uncategorized\" data-id=\"9869\">\n        <div class=\"eael-grid-post-holder\">\n            <div class=\"eael-grid-post-holder-inner\"><div class=\"eael-entry-media\"><div class=\"eael-entry-overlay fade-in\"><i class=\"fas fa-long-arrow-alt-right\" aria-hidden=\"true\"><\/i><a href=\"https:\/\/mfc08.de\/?p=9869\"><\/a><\/div><div class=\"eael-entry-thumbnail \">\n                <img decoding=\"async\" width=\"1454\" height=\"1093\" src=\"https:\/\/mfc08.de\/wp-content\/uploads\/2026\/01\/WhatsApp-Image-2026-01-07-at-19.32.47.jpeg\" class=\"attachment-full size-full wp-image-9870\" alt=\"\" srcset=\"https:\/\/mfc08.de\/wp-content\/uploads\/2026\/01\/WhatsApp-Image-2026-01-07-at-19.32.47.jpeg 1454w, https:\/\/mfc08.de\/wp-content\/uploads\/2026\/01\/WhatsApp-Image-2026-01-07-at-19.32.47-300x226.jpeg 300w, https:\/\/mfc08.de\/wp-content\/uploads\/2026\/01\/WhatsApp-Image-2026-01-07-at-19.32.47-1024x770.jpeg 1024w, https:\/\/mfc08.de\/wp-content\/uploads\/2026\/01\/WhatsApp-Image-2026-01-07-at-19.32.47-768x577.jpeg 768w\" sizes=\"(max-width: 1454px) 100vw, 1454px\" \/>\n            <\/div>\n        <\/div><div class=\"eael-entry-wrapper\"><header class=\"eael-entry-header\"><h2 class=\"eael-entry-title\"><a class=\"eael-grid-post-link\" href=\"https:\/\/mfc08.de\/?p=9869\" title=\"Turniertag\">Turniertag<\/a><\/h2><\/header><div class=\"eael-entry-content\">\n                        <div class=\"eael-grid-post-excerpt\"><p>Spielbericht Jg. 2015 am 5. Januar in Raststatt: Die Mannschaft machte sich...<\/p><a href=\"https:\/\/mfc08.de\/?p=9869\" class=\"eael-post-elements-readmore-btn\">weiterlesen<\/a><\/div>\n                    <\/div><div class=\"eael-entry-footer\"><div class=\"eael-entry-meta\"><span class=\"eael-posted-on\"><time datetime=\"18. Januar 2026\">18. Januar 2026<\/time><\/span><\/div><\/div><\/div><\/div>\n        <\/div>\n    <\/article><article class=\"eael-grid-post  eael-post-grid-column eael-pg-post-9865 category-jugend-uncategorized\" data-id=\"9865\">\n        <div class=\"eael-grid-post-holder\">\n            <div class=\"eael-grid-post-holder-inner\"><div class=\"eael-entry-media\"><div class=\"eael-entry-overlay fade-in\"><i class=\"fas fa-long-arrow-alt-right\" aria-hidden=\"true\"><\/i><a href=\"https:\/\/mfc08.de\/?p=9865\"><\/a><\/div><div class=\"eael-entry-thumbnail \">\n                <img loading=\"lazy\" decoding=\"async\" width=\"2048\" height=\"1137\" src=\"https:\/\/mfc08.de\/wp-content\/uploads\/2026\/01\/WhatsApp-Image-2026-01-04-at-16.41.09.jpeg\" class=\"attachment-full size-full wp-image-9866\" alt=\"\" srcset=\"https:\/\/mfc08.de\/wp-content\/uploads\/2026\/01\/WhatsApp-Image-2026-01-04-at-16.41.09.jpeg 2048w, https:\/\/mfc08.de\/wp-content\/uploads\/2026\/01\/WhatsApp-Image-2026-01-04-at-16.41.09-300x167.jpeg 300w, https:\/\/mfc08.de\/wp-content\/uploads\/2026\/01\/WhatsApp-Image-2026-01-04-at-16.41.09-1024x569.jpeg 1024w, https:\/\/mfc08.de\/wp-content\/uploads\/2026\/01\/WhatsApp-Image-2026-01-04-at-16.41.09-768x426.jpeg 768w, https:\/\/mfc08.de\/wp-content\/uploads\/2026\/01\/WhatsApp-Image-2026-01-04-at-16.41.09-1536x853.jpeg 1536w\" sizes=\"(max-width: 2048px) 100vw, 2048px\" \/>\n            <\/div>\n        <\/div><div class=\"eael-entry-wrapper\"><header class=\"eael-entry-header\"><h2 class=\"eael-entry-title\"><a class=\"eael-grid-post-link\" href=\"https:\/\/mfc08.de\/?p=9865\" title=\"Turniersieg!\">Turniersieg!<\/a><\/h2><\/header><div class=\"eael-entry-content\">\n                        <div class=\"eael-grid-post-excerpt\"><p>Der 4. Engelhorn Wintercup \u2013 ein Turnier, das wir nicht vergessen werden!...<\/p><a href=\"https:\/\/mfc08.de\/?p=9865\" class=\"eael-post-elements-readmore-btn\">weiterlesen<\/a><\/div>\n                    <\/div><div class=\"eael-entry-footer\"><div class=\"eael-entry-meta\"><span class=\"eael-posted-on\"><time datetime=\"7. Januar 2026\">7. Januar 2026<\/time><\/span><\/div><\/div><\/div><\/div>\n        <\/div>\n    <\/article><article class=\"eael-grid-post  eael-post-grid-column eael-pg-post-9856 category-jugend-uncategorized\" data-id=\"9856\">\n        <div class=\"eael-grid-post-holder\">\n            <div class=\"eael-grid-post-holder-inner\"><div class=\"eael-entry-media\"><div class=\"eael-entry-overlay fade-in\"><i class=\"fas fa-long-arrow-alt-right\" aria-hidden=\"true\"><\/i><a href=\"https:\/\/mfc08.de\/?p=9856\"><\/a><\/div><div class=\"eael-entry-thumbnail \">\n                <img loading=\"lazy\" decoding=\"async\" width=\"1039\" height=\"720\" src=\"https:\/\/mfc08.de\/wp-content\/uploads\/2025\/12\/Staffelsieger_Bild.jpg\" class=\"attachment-full size-full wp-image-9857\" alt=\"\" srcset=\"https:\/\/mfc08.de\/wp-content\/uploads\/2025\/12\/Staffelsieger_Bild.jpg 1039w, https:\/\/mfc08.de\/wp-content\/uploads\/2025\/12\/Staffelsieger_Bild-300x208.jpg 300w, https:\/\/mfc08.de\/wp-content\/uploads\/2025\/12\/Staffelsieger_Bild-1024x710.jpg 1024w, https:\/\/mfc08.de\/wp-content\/uploads\/2025\/12\/Staffelsieger_Bild-768x532.jpg 768w\" sizes=\"(max-width: 1039px) 100vw, 1039px\" \/>\n            <\/div>\n        <\/div><div class=\"eael-entry-wrapper\"><header class=\"eael-entry-header\"><h2 class=\"eael-entry-title\"><a class=\"eael-grid-post-link\" href=\"https:\/\/mfc08.de\/?p=9856\" title=\"D1 ist Staffelsieger der Herbstrunde\">D1 ist Staffelsieger der Herbstrunde<\/a><\/h2><\/header><div class=\"eael-entry-content\">\n                        <div class=\"eael-grid-post-excerpt\"><p>Gl\u00fcckwunsch an unsere D1 &#8211; Jahrgang 2013 \u2013 welche sich in der...<\/p><a href=\"https:\/\/mfc08.de\/?p=9856\" class=\"eael-post-elements-readmore-btn\">weiterlesen<\/a><\/div>\n                    <\/div><div class=\"eael-entry-footer\"><div class=\"eael-entry-meta\"><span class=\"eael-posted-on\"><time datetime=\"17. Dezember 2025\">17. Dezember 2025<\/time><\/span><\/div><\/div><\/div><\/div>\n        <\/div>\n    <\/article><article class=\"eael-grid-post  eael-post-grid-column eael-pg-post-9793 category-jugend-uncategorized\" data-id=\"9793\">\n        <div class=\"eael-grid-post-holder\">\n            <div class=\"eael-grid-post-holder-inner\"><div class=\"eael-entry-media\"><div class=\"eael-entry-overlay fade-in\"><i class=\"fas fa-long-arrow-alt-right\" aria-hidden=\"true\"><\/i><a href=\"https:\/\/mfc08.de\/?p=9793\"><\/a><\/div><div class=\"eael-entry-thumbnail \">\n                <img loading=\"lazy\" decoding=\"async\" width=\"915\" height=\"599\" src=\"https:\/\/mfc08.de\/wp-content\/uploads\/2025\/11\/Bild-Trainerausbildung.jpg\" class=\"attachment-full size-full wp-image-9794\" alt=\"\" srcset=\"https:\/\/mfc08.de\/wp-content\/uploads\/2025\/11\/Bild-Trainerausbildung.jpg 915w, https:\/\/mfc08.de\/wp-content\/uploads\/2025\/11\/Bild-Trainerausbildung-300x196.jpg 300w, https:\/\/mfc08.de\/wp-content\/uploads\/2025\/11\/Bild-Trainerausbildung-768x503.jpg 768w\" sizes=\"(max-width: 915px) 100vw, 915px\" \/>\n            <\/div>\n        <\/div><div class=\"eael-entry-wrapper\"><header class=\"eael-entry-header\"><h2 class=\"eael-entry-title\"><a class=\"eael-grid-post-link\" href=\"https:\/\/mfc08.de\/?p=9793\" title=\"MFC-Jugendtrainer auf Fortbildung\">MFC-Jugendtrainer auf Fortbildung<\/a><\/h2><\/header><div class=\"eael-entry-content\">\n                        <div class=\"eael-grid-post-excerpt\"><p>Unsere Jugendtrainer G\u00f6khan Terzi (E-Jugend), Roland B\u00fcsen (C-Jugend) und Robert Neudert (D-Jugend)...<\/p><a href=\"https:\/\/mfc08.de\/?p=9793\" class=\"eael-post-elements-readmore-btn\">weiterlesen<\/a><\/div>\n                    <\/div><div class=\"eael-entry-footer\"><div class=\"eael-entry-meta\"><span class=\"eael-posted-on\"><time datetime=\"20. November 2025\">20. November 2025<\/time><\/span><\/div><\/div><\/div><\/div>\n        <\/div>\n    <\/article><\/div>\n            <div class=\"clearfix\"><\/div>\n        <\/div>            <div class=\"eael-load-more-button-wrap eael-force-hide\">\n                <button class=\"eael-load-more-button\" id=\"eael-load-more-btn-c5132b1\" data-widget-id=\"c5132b1\" data-widget=\"c5132b1\" data-page-id=\"1493\" data-template=\"{&quot;dir&quot;:&quot;lite&quot;,&quot;file_name&quot;:&quot;one.php&quot;,&quot;name&quot;:&quot;Post-Grid&quot;}\" data-class=\"Essential_Addons_Elementor\\Elements\\Post_Grid\" data-layout=\"grid\" data-page=\"1\" data-args=\"orderby=date&amp;order=desc&amp;ignore_sticky_posts=1&amp;post_status=publish&amp;posts_per_page=6&amp;offset=0&amp;post_type=post&amp;tax_query%5B0%5D%5Btaxonomy%5D=category&amp;tax_query%5B0%5D%5Bfield%5D=term_id&amp;tax_query%5B0%5D%5Bterms%5D%5B0%5D=11&amp;tax_query%5Brelation%5D=AND\" data-max-page=\"14\">\n                    <span class=\"eael-btn-loader button__loader\"><\/span>\n                    <span class=\"eael_load_more_text\">Load More<\/span>\n                <\/button>\n            <\/div>\n            \t\t\t\t<\/div>\n\t\t\t\t<\/div>\n\t\t\t\t\t<\/div>\n\t\t<\/div>\n\t\t\t\t\t<\/div>\n\t\t<\/section>\n\t\t\t\t<\/div>\n\t\t","protected":false},"excerpt":{"rendered":"<p>Der Verwaiste 08ter wird wieder mit Leben erf\u00fcllt Seit dem 8. M\u00e4rz ist wieder Training unter bestimmten Voraussetzungen m\u00f6glich.In Abh\u00e4ngigkeit&#8230; weiterlesen 11. M\u00e4rz 2021<\/p>\n","protected":false},"author":1,"featured_media":0,"parent":14,"menu_order":0,"comment_status":"closed","ping_status":"closed","template":"","meta":{"neve_meta_sidebar":"default","neve_meta_container":"","neve_meta_enable_content_width":"off","neve_meta_content_width":100,"neve_meta_title_alignment":"center","neve_meta_author_avatar":"","neve_post_elements_order":"","neve_meta_disable_header":"","neve_meta_disable_footer":"","neve_meta_disable_title":"","_themeisle_gutenberg_block_has_review":false,"footnotes":""},"class_list":["post-1493","page","type-page","status-publish","hentry"],"_links":{"self":[{"href":"https:\/\/mfc08.de\/index.php?rest_route=\/wp\/v2\/pages\/1493","targetHints":{"allow":["GET"]}}],"collection":[{"href":"https:\/\/mfc08.de\/index.php?rest_route=\/wp\/v2\/pages"}],"about":[{"href":"https:\/\/mfc08.de\/index.php?rest_route=\/wp\/v2\/types\/page"}],"author":[{"embeddable":true,"href":"https:\/\/mfc08.de\/index.php?rest_route=\/wp\/v2\/users\/1"}],"replies":[{"embeddable":true,"href":"https:\/\/mfc08.de\/index.php?rest_route=%2Fwp%2Fv2%2Fcomments&post=1493"}],"version-history":[{"count":13,"href":"https:\/\/mfc08.de\/index.php?rest_route=\/wp\/v2\/pages\/1493\/revisions"}],"predecessor-version":[{"id":3112,"href":"https:\/\/mfc08.de\/index.php?rest_route=\/wp\/v2\/pages\/1493\/revisions\/3112"}],"up":[{"embeddable":true,"href":"https:\/\/mfc08.de\/index.php?rest_route=\/wp\/v2\/pages\/14"}],"wp:attachment":[{"href":"https:\/\/mfc08.de\/index.php?rest_route=%2Fwp%2Fv2%2Fmedia&parent=1493"}],"curies":[{"name":"wp","href":"https:\/\/api.w.org\/{rel}","templated":true}]}}