{"id":903,"date":"2020-05-27T20:26:08","date_gmt":"2020-05-27T20:26:08","guid":{"rendered":"http:\/\/mfc08.de\/wordpress\/?page_id=903"},"modified":"2024-11-20T07:18:41","modified_gmt":"2024-11-20T07:18:41","slug":"blauweiss","status":"publish","type":"page","link":"https:\/\/mfc08.de\/?page_id=903","title":{"rendered":"Blauwei\u00df"},"content":{"rendered":"\t\t<div data-elementor-type=\"wp-page\" data-elementor-id=\"903\" class=\"elementor elementor-903\">\n\t\t\t\t\t\t<section class=\"elementor-section elementor-top-section elementor-element elementor-element-3100732 elementor-section-boxed elementor-section-height-default elementor-section-height-default\" data-id=\"3100732\" data-element_type=\"section\" data-e-type=\"section\">\n\t\t\t\t\t\t<div class=\"elementor-container elementor-column-gap-default\">\n\t\t\t\t\t<div class=\"elementor-column elementor-col-100 elementor-top-column elementor-element elementor-element-681bc07\" data-id=\"681bc07\" data-element_type=\"column\" data-e-type=\"column\">\n\t\t\t<div class=\"elementor-widget-wrap elementor-element-populated\">\n\t\t\t\t\t\t<div class=\"elementor-element elementor-element-159c8bb elementor-widget elementor-widget-text-editor\" data-id=\"159c8bb\" data-element_type=\"widget\" data-e-type=\"widget\" data-widget_type=\"text-editor.default\">\n\t\t\t\t<div class=\"elementor-widget-container\">\n\t\t\t\t\t\t\t\t\t<p style=\"text-align: center;\" align=\"center\"><strong><u>Zur<\/u><u> Geschichte der Privatmannschaft:<\/u><\/strong><\/p><p style=\"text-align: center;\" align=\"center\"><strong>Im Jahr 1958 stieg die 1.Mannschaft des MFC 08 Lindenhof in die B-Klasse ab.<br \/>Diesen Abstieg nahmen einige der \u00e4lteren Spieler zum Anlass der Jugend Platz zu machen.<br \/>Sie wollten jedoch weiter wettkampfm\u00e4\u00dfig Fu\u00dfball spielen, weshalb sie zu dem Entschluss kamen, eine Privatmannschaft zu gr\u00fcnden.<\/strong><\/p><p style=\"text-align: center;\" align=\"center\"><strong>Im 8.Mai 1958 unterschrieb der damalige Vorstand das Gr\u00fcndungsprotokoll und somit war die Privatmannschaft Blauwei\u00df 08 ins Leben gerufen.<\/strong><\/p><p style=\"text-align: center;\" align=\"center\"><strong>\u00a0Offizieller Name:\u00a0\u00a0\u00a0\u00a0\u00a0\u00a0\u00a0 \u201eBlauwei\u00df 08 Mannheim-Lindenhof\u201c.\u00a0<\/strong><\/p><p style=\"text-align: center;\" align=\"center\"><strong>Von der Saison 1958\/1959 an nimmt die Blauwei\u00df an der Spielrunde f\u00fcr Privatmannschaften im Fu\u00dfballkreis Mannheim teil.<\/strong><\/p>\t\t\t\t\t\t\t\t<\/div>\n\t\t\t\t<\/div>\n\t\t\t\t\t<\/div>\n\t\t<\/div>\n\t\t\t\t\t<\/div>\n\t\t<\/section>\n\t\t\t\t<section class=\"elementor-section elementor-top-section elementor-element elementor-element-32a8e38 elementor-section-boxed elementor-section-height-default elementor-section-height-default\" data-id=\"32a8e38\" data-element_type=\"section\" data-e-type=\"section\">\n\t\t\t\t\t\t<div class=\"elementor-container elementor-column-gap-default\">\n\t\t\t\t\t<div class=\"elementor-column elementor-col-100 elementor-top-column elementor-element elementor-element-96b8d52\" data-id=\"96b8d52\" data-element_type=\"column\" data-e-type=\"column\">\n\t\t\t<div class=\"elementor-widget-wrap elementor-element-populated\">\n\t\t\t\t\t\t<div class=\"elementor-element elementor-element-f542dbf elementor-widget elementor-widget-spacer\" data-id=\"f542dbf\" data-element_type=\"widget\" data-e-type=\"widget\" data-widget_type=\"spacer.default\">\n\t\t\t\t<div class=\"elementor-widget-container\">\n\t\t\t\t\t\t\t<div class=\"elementor-spacer\">\n\t\t\t<div class=\"elementor-spacer-inner\"><\/div>\n\t\t<\/div>\n\t\t\t\t\t\t<\/div>\n\t\t\t\t<\/div>\n\t\t\t\t\t<\/div>\n\t\t<\/div>\n\t\t\t\t\t<\/div>\n\t\t<\/section>\n\t\t\t\t<section class=\"elementor-section elementor-top-section elementor-element elementor-element-94e7537 elementor-section-boxed elementor-section-height-default elementor-section-height-default\" data-id=\"94e7537\" data-element_type=\"section\" data-e-type=\"section\">\n\t\t\t\t\t\t<div class=\"elementor-container elementor-column-gap-default\">\n\t\t\t\t\t<div class=\"elementor-column elementor-col-100 elementor-top-column elementor-element elementor-element-0948b35\" data-id=\"0948b35\" data-element_type=\"column\" data-e-type=\"column\">\n\t\t\t<div class=\"elementor-widget-wrap elementor-element-populated\">\n\t\t\t\t\t\t<div class=\"elementor-element elementor-element-db6f1d7 elementor-grid-eael-col-3 elementor-grid-tablet-eael-col-2 elementor-grid-mobile-eael-col-1 elementor-widget elementor-widget-eael-post-grid\" data-id=\"db6f1d7\" data-element_type=\"widget\" data-e-type=\"widget\" data-settings=\"{&quot;eael_post_grid_columns&quot;:&quot;eael-col-3&quot;,&quot;eael_post_grid_columns_tablet&quot;:&quot;eael-col-2&quot;,&quot;eael_post_grid_columns_mobile&quot;:&quot;eael-col-1&quot;}\" data-widget_type=\"eael-post-grid.default\">\n\t\t\t\t<div class=\"elementor-widget-container\">\n\t\t\t\t\t<div id=\"eael-post-grid-db6f1d7\" class=\"eael-post-grid-container\">\n            <div class=\"eael-post-grid eael-post-appender eael-post-appender-db6f1d7 eael-post-grid-style-one\" data-layout-mode=\"grid\"><article class=\"eael-grid-post  eael-post-grid-column eael-pg-post-7762 category-1-mannschaft-2-mannschaft-ah-blauweiss-damen-foerderverein-jugend-roundnet-tennis-uncategorized\" data-id=\"7762\">\n        <div class=\"eael-grid-post-holder\">\n            <div class=\"eael-grid-post-holder-inner\"><div class=\"eael-entry-media\"><div class=\"eael-entry-overlay fade-in\"><i class=\"fas fa-long-arrow-alt-right\" aria-hidden=\"true\"><\/i><a href=\"https:\/\/mfc08.de\/?p=7762\"><\/a><\/div><div class=\"eael-entry-thumbnail \">\n                <img fetchpriority=\"high\" decoding=\"async\" width=\"530\" height=\"530\" src=\"https:\/\/mfc08.de\/wp-content\/uploads\/2024\/06\/Sommerfest.jpg\" class=\"attachment-full size-full wp-image-7778\" alt=\"\" srcset=\"https:\/\/mfc08.de\/wp-content\/uploads\/2024\/06\/Sommerfest.jpg 530w, https:\/\/mfc08.de\/wp-content\/uploads\/2024\/06\/Sommerfest-300x300.jpg 300w, https:\/\/mfc08.de\/wp-content\/uploads\/2024\/06\/Sommerfest-150x150.jpg 150w\" sizes=\"(max-width: 530px) 100vw, 530px\" \/>\n            <\/div>\n        <\/div><div class=\"eael-entry-wrapper\"><header class=\"eael-entry-header\"><h2 class=\"eael-entry-title\"><a class=\"eael-grid-post-link\" href=\"https:\/\/mfc08.de\/?p=7762\" title=\"08er Sommerfest am 15.06.2024\">08er Sommerfest am 15.06.2024<\/a><\/h2><\/header><div class=\"eael-entry-content\">\n                        <div class=\"eael-grid-post-excerpt\"><p>Auch in diesem Jahr findet auf dem Gel\u00e4nde des 08er das Sommerfest...<\/p><a href=\"https:\/\/mfc08.de\/?p=7762\" class=\"eael-post-elements-readmore-btn\">Read More<\/a><\/div>\n                    <\/div><div class=\"eael-entry-footer\"><div class=\"eael-entry-meta\"><span class=\"eael-posted-on\"><time datetime=\"1. Juni 2024\">1. Juni 2024<\/time><\/span><\/div><\/div><\/div><\/div>\n        <\/div>\n    <\/article><article class=\"eael-grid-post  eael-post-grid-column eael-pg-post-6761 category-blauweiss\" data-id=\"6761\">\n        <div class=\"eael-grid-post-holder\">\n            <div class=\"eael-grid-post-holder-inner\"><div class=\"eael-entry-media\"><div class=\"eael-entry-overlay fade-in\"><i class=\"fas fa-long-arrow-alt-right\" aria-hidden=\"true\"><\/i><a href=\"https:\/\/mfc08.de\/?p=6761\"><\/a><\/div><div class=\"eael-entry-thumbnail \">\n                <img decoding=\"async\" width=\"720\" height=\"1600\" src=\"https:\/\/mfc08.de\/wp-content\/uploads\/2023\/06\/Blauweiss-Trainer.jpeg\" class=\"attachment-full size-full wp-image-6762\" alt=\"\" srcset=\"https:\/\/mfc08.de\/wp-content\/uploads\/2023\/06\/Blauweiss-Trainer.jpeg 720w, https:\/\/mfc08.de\/wp-content\/uploads\/2023\/06\/Blauweiss-Trainer-135x300.jpeg 135w, https:\/\/mfc08.de\/wp-content\/uploads\/2023\/06\/Blauweiss-Trainer-461x1024.jpeg 461w, https:\/\/mfc08.de\/wp-content\/uploads\/2023\/06\/Blauweiss-Trainer-691x1536.jpeg 691w\" sizes=\"(max-width: 720px) 100vw, 720px\" \/>\n            <\/div>\n        <\/div><div class=\"eael-entry-wrapper\"><header class=\"eael-entry-header\"><h2 class=\"eael-entry-title\"><a class=\"eael-grid-post-link\" href=\"https:\/\/mfc08.de\/?p=6761\" title=\"Privatmannschaft Blauwei\u00df 08 holt Triple\">Privatmannschaft Blauwei\u00df 08 holt Triple<\/a><\/h2><\/header><div class=\"eael-entry-content\">\n                        <div class=\"eael-grid-post-excerpt\"><p>Nachdem die Fu\u00dfball-Privatmannschaft des MFC 08 Lindenhof \u2013 die Blauwei\u00df 08 \u2013...<\/p><a href=\"https:\/\/mfc08.de\/?p=6761\" class=\"eael-post-elements-readmore-btn\">Read More<\/a><\/div>\n                    <\/div><div class=\"eael-entry-footer\"><div class=\"eael-entry-meta\"><span class=\"eael-posted-on\"><time datetime=\"26. Juni 2023\">26. Juni 2023<\/time><\/span><\/div><\/div><\/div><\/div>\n        <\/div>\n    <\/article><article class=\"eael-grid-post  eael-post-grid-column eael-pg-post-6757 category-blauweiss\" data-id=\"6757\">\n        <div class=\"eael-grid-post-holder\">\n            <div class=\"eael-grid-post-holder-inner\"><div class=\"eael-entry-media\"><div class=\"eael-entry-overlay fade-in\"><i class=\"fas fa-long-arrow-alt-right\" aria-hidden=\"true\"><\/i><a href=\"https:\/\/mfc08.de\/?p=6757\"><\/a><\/div><div class=\"eael-entry-thumbnail \">\n                <img decoding=\"async\" width=\"1500\" height=\"675\" src=\"https:\/\/mfc08.de\/wp-content\/uploads\/2023\/05\/PM-Meister.jpg\" class=\"attachment-full size-full wp-image-6689\" alt=\"\" srcset=\"https:\/\/mfc08.de\/wp-content\/uploads\/2023\/05\/PM-Meister.jpg 1500w, https:\/\/mfc08.de\/wp-content\/uploads\/2023\/05\/PM-Meister-300x135.jpg 300w, https:\/\/mfc08.de\/wp-content\/uploads\/2023\/05\/PM-Meister-1024x461.jpg 1024w, https:\/\/mfc08.de\/wp-content\/uploads\/2023\/05\/PM-Meister-768x346.jpg 768w\" sizes=\"(max-width: 1500px) 100vw, 1500px\" \/>\n            <\/div>\n        <\/div><div class=\"eael-entry-wrapper\"><header class=\"eael-entry-header\"><h2 class=\"eael-entry-title\"><a class=\"eael-grid-post-link\" href=\"https:\/\/mfc08.de\/?p=6757\" title=\"Drei Tage traditionelles Jedermannturnier auf dem 08er\">Drei Tage traditionelles Jedermannturnier auf dem 08er<\/a><\/h2><\/header><div class=\"eael-entry-content\">\n                        <div class=\"eael-grid-post-excerpt\"><p>Wie jedes Jahr veranstaltet die Privatmannschaft Blauwei\u00df 08 des MFC 08 Lindenhof...<\/p><a href=\"https:\/\/mfc08.de\/?p=6757\" class=\"eael-post-elements-readmore-btn\">Read More<\/a><\/div>\n                    <\/div><div class=\"eael-entry-footer\"><div class=\"eael-entry-meta\"><span class=\"eael-posted-on\"><time datetime=\"22. Juni 2023\">22. Juni 2023<\/time><\/span><\/div><\/div><\/div><\/div>\n        <\/div>\n    <\/article><article class=\"eael-grid-post  eael-post-grid-column eael-pg-post-6654 category-blauweiss\" data-id=\"6654\">\n        <div class=\"eael-grid-post-holder\">\n            <div class=\"eael-grid-post-holder-inner\"><div class=\"eael-entry-media\"><div class=\"eael-entry-overlay fade-in\"><i class=\"fas fa-long-arrow-alt-right\" aria-hidden=\"true\"><\/i><a href=\"https:\/\/mfc08.de\/?p=6654\"><\/a><\/div><div class=\"eael-entry-thumbnail \">\n                <img decoding=\"async\" width=\"1500\" height=\"675\" src=\"https:\/\/mfc08.de\/wp-content\/uploads\/2023\/05\/PM-Meister.jpg\" class=\"attachment-full size-full wp-image-6689\" alt=\"\" srcset=\"https:\/\/mfc08.de\/wp-content\/uploads\/2023\/05\/PM-Meister.jpg 1500w, https:\/\/mfc08.de\/wp-content\/uploads\/2023\/05\/PM-Meister-300x135.jpg 300w, https:\/\/mfc08.de\/wp-content\/uploads\/2023\/05\/PM-Meister-1024x461.jpg 1024w, https:\/\/mfc08.de\/wp-content\/uploads\/2023\/05\/PM-Meister-768x346.jpg 768w\" sizes=\"(max-width: 1500px) 100vw, 1500px\" \/>\n            <\/div>\n        <\/div><div class=\"eael-entry-wrapper\"><header class=\"eael-entry-header\"><h2 class=\"eael-entry-title\"><a class=\"eael-grid-post-link\" href=\"https:\/\/mfc08.de\/?p=6654\" title=\"PM Blau-Wei\u00df gelingt die erneute Titelverteidigung\">PM Blau-Wei\u00df gelingt die erneute Titelverteidigung<\/a><\/h2><\/header><div class=\"eael-entry-content\">\n                        <div class=\"eael-grid-post-excerpt\"><p>Durch einen 4:3 Sieg bei der PM der DJK\/Fortuna Edingen\/Neckarhausen und einer...<\/p><a href=\"https:\/\/mfc08.de\/?p=6654\" class=\"eael-post-elements-readmore-btn\">Read More<\/a><\/div>\n                    <\/div><div class=\"eael-entry-footer\"><div class=\"eael-entry-meta\"><span class=\"eael-posted-on\"><time datetime=\"14. Mai 2023\">14. Mai 2023<\/time><\/span><\/div><\/div><\/div><\/div>\n        <\/div>\n    <\/article><article class=\"eael-grid-post  eael-post-grid-column eael-pg-post-5549 category-blauweiss\" data-id=\"5549\">\n        <div class=\"eael-grid-post-holder\">\n            <div class=\"eael-grid-post-holder-inner\"><div class=\"eael-entry-media\"><div class=\"eael-entry-overlay fade-in\"><i class=\"fas fa-long-arrow-alt-right\" aria-hidden=\"true\"><\/i><a href=\"https:\/\/mfc08.de\/?p=5549\"><\/a><\/div><div class=\"eael-entry-thumbnail \">\n                <img loading=\"lazy\" decoding=\"async\" width=\"1024\" height=\"768\" src=\"https:\/\/mfc08.de\/wp-content\/uploads\/2020\/06\/Blau-Wei\u00df.jpg\" class=\"attachment-full size-full wp-image-1240\" alt=\"\" srcset=\"https:\/\/mfc08.de\/wp-content\/uploads\/2020\/06\/Blau-Wei\u00df.jpg 1024w, https:\/\/mfc08.de\/wp-content\/uploads\/2020\/06\/Blau-Wei\u00df-300x225.jpg 300w, https:\/\/mfc08.de\/wp-content\/uploads\/2020\/06\/Blau-Wei\u00df-768x576.jpg 768w\" sizes=\"(max-width: 1024px) 100vw, 1024px\" \/>\n            <\/div>\n        <\/div><div class=\"eael-entry-wrapper\"><header class=\"eael-entry-header\"><h2 class=\"eael-entry-title\"><a class=\"eael-grid-post-link\" href=\"https:\/\/mfc08.de\/?p=5549\" title=\"PM Blau-Wei\u00df ist Meister der Privat-Mannschaften\">PM Blau-Wei\u00df ist Meister der Privat-Mannschaften<\/a><\/h2><\/header><div class=\"eael-entry-content\">\n                        <div class=\"eael-grid-post-excerpt\"><p>Durch einen souver\u00e4nen 5:1 Sieg bei der PM des SV Waldhof Mannheim...<\/p><a href=\"https:\/\/mfc08.de\/?p=5549\" class=\"eael-post-elements-readmore-btn\">Read More<\/a><\/div>\n                    <\/div><div class=\"eael-entry-footer\"><div class=\"eael-entry-meta\"><span class=\"eael-posted-on\"><time datetime=\"29. Mai 2022\">29. Mai 2022<\/time><\/span><\/div><\/div><\/div><\/div>\n        <\/div>\n    <\/article><article class=\"eael-grid-post  eael-post-grid-column eael-pg-post-4257 category-1-mannschaft-2-mannschaft-blauweiss\" data-id=\"4257\">\n        <div class=\"eael-grid-post-holder\">\n            <div class=\"eael-grid-post-holder-inner\"><div class=\"eael-entry-media\"><div class=\"eael-entry-overlay fade-in\"><i class=\"fas fa-long-arrow-alt-right\" aria-hidden=\"true\"><\/i><a href=\"https:\/\/mfc08.de\/?p=4257\"><\/a><\/div><div class=\"eael-entry-thumbnail \">\n                <img loading=\"lazy\" decoding=\"async\" width=\"299\" height=\"168\" src=\"https:\/\/mfc08.de\/wp-content\/uploads\/2021\/12\/Coronapause.jpg\" class=\"attachment-full size-full wp-image-4258\" alt=\"\" \/>\n            <\/div>\n        <\/div><div class=\"eael-entry-wrapper\"><header class=\"eael-entry-header\"><h2 class=\"eael-entry-title\"><a class=\"eael-grid-post-link\" href=\"https:\/\/mfc08.de\/?p=4257\" title=\"Vorzeitige (Corona-)Winterpause\">Vorzeitige (Corona-)Winterpause<\/a><\/h2><\/header><div class=\"eael-entry-content\">\n                        <div class=\"eael-grid-post-excerpt\"><p>Da von der Landesregierung kurzfristig die Rahmenbedingungen noch einmal versch\u00e4rft wurden (2G+...<\/p><a href=\"https:\/\/mfc08.de\/?p=4257\" class=\"eael-post-elements-readmore-btn\">Read More<\/a><\/div>\n                    <\/div><div class=\"eael-entry-footer\"><div class=\"eael-entry-meta\"><span class=\"eael-posted-on\"><time datetime=\"4. Dezember 2021\">4. Dezember 2021<\/time><\/span><\/div><\/div><\/div><\/div>\n        <\/div>\n    <\/article><\/div>\n            <div class=\"clearfix\"><\/div>\n        <\/div>            <div class=\"eael-load-more-button-wrap eael-force-hide\">\n                <button class=\"eael-load-more-button\" id=\"eael-load-more-btn-db6f1d7\" data-widget-id=\"db6f1d7\" data-widget=\"db6f1d7\" data-page-id=\"903\" data-template=\"{&quot;dir&quot;:&quot;lite&quot;,&quot;file_name&quot;:&quot;one.php&quot;,&quot;name&quot;:&quot;Post-Grid&quot;}\" data-class=\"Essential_Addons_Elementor\\Elements\\Post_Grid\" data-layout=\"grid\" data-page=\"1\" data-args=\"orderby=date&amp;order=desc&amp;ignore_sticky_posts=1&amp;post_status=publish&amp;posts_per_page=6&amp;offset=0&amp;post_type=post&amp;tax_query%5B0%5D%5Btaxonomy%5D=category&amp;tax_query%5B0%5D%5Bfield%5D=term_id&amp;tax_query%5B0%5D%5Bterms%5D%5B0%5D=10&amp;tax_query%5Brelation%5D=AND\" data-max-page=\"2\">\n                    <span class=\"eael-btn-loader button__loader\"><\/span>\n                    <span class=\"eael_load_more_text\">Load More<\/span>\n                <\/button>\n            <\/div>\n            \t\t\t\t<\/div>\n\t\t\t\t<\/div>\n\t\t\t\t\t<\/div>\n\t\t<\/div>\n\t\t\t\t\t<\/div>\n\t\t<\/section>\n\t\t\t\t<section class=\"elementor-section elementor-top-section elementor-element elementor-element-4ba295b elementor-section-boxed elementor-section-height-default elementor-section-height-default\" data-id=\"4ba295b\" data-element_type=\"section\" data-e-type=\"section\">\n\t\t\t\t\t\t<div class=\"elementor-container elementor-column-gap-default\">\n\t\t\t\t\t<div class=\"elementor-column elementor-col-100 elementor-top-column elementor-element elementor-element-0431634\" data-id=\"0431634\" data-element_type=\"column\" data-e-type=\"column\">\n\t\t\t<div class=\"elementor-widget-wrap elementor-element-populated\">\n\t\t\t\t\t\t<div class=\"elementor-element elementor-element-8724659 elementor-hidden-desktop elementor-hidden-tablet elementor-hidden-mobile elementor-widget elementor-widget-wp-widget-ifdw_fubade_widget\" data-id=\"8724659\" data-element_type=\"widget\" data-e-type=\"widget\" data-widget_type=\"wp-widget-ifdw_fubade_widget.default\">\n\t\t\t\t<div class=\"elementor-widget-container\">\n\t\t\t\t\t\n<h5><\/h5>\n<div class=\"fussballde_widget include-fussball-de-widgets\"  data-id=\"0ab200f2-072a-4626-bb64-32c8523623e5\"  data-type=\"\"><\/div>\n\n\t\t\t\t<\/div>\n\t\t\t\t<\/div>\n\t\t\t\t\t<\/div>\n\t\t<\/div>\n\t\t\t\t\t<\/div>\n\t\t<\/section>\n\t\t\t\t<section class=\"elementor-section elementor-top-section elementor-element elementor-element-a01cf2b elementor-section-boxed elementor-section-height-default elementor-section-height-default\" data-id=\"a01cf2b\" data-element_type=\"section\" data-e-type=\"section\">\n\t\t\t\t\t\t<div class=\"elementor-container elementor-column-gap-default\">\n\t\t\t\t\t<div class=\"elementor-column elementor-col-100 elementor-top-column elementor-element elementor-element-f653e25\" data-id=\"f653e25\" data-element_type=\"column\" data-e-type=\"column\">\n\t\t\t<div class=\"elementor-widget-wrap elementor-element-populated\">\n\t\t\t\t\t\t<div class=\"elementor-element elementor-element-a663ade elementor-widget elementor-widget-html\" data-id=\"a663ade\" data-element_type=\"widget\" data-e-type=\"widget\" data-widget_type=\"html.default\">\n\t\t\t\t<div class=\"elementor-widget-container\">\n\t\t\t\t\t<div\r\n  class=\"fussballde_widget\"\r\n  data-id=\"e648ffed-4d7f-4e29-9bda-33cb16cbafc6\"\r\n  data-type=\"competition\">\r\n<\/div>\t\t\t\t<\/div>\n\t\t\t\t<\/div>\n\t\t\t\t\t<\/div>\n\t\t<\/div>\n\t\t\t\t\t<\/div>\n\t\t<\/section>\n\t\t\t\t<\/div>\n\t\t","protected":false},"excerpt":{"rendered":"<p>Zur Geschichte der Privatmannschaft: Im Jahr 1958 stieg die 1.Mannschaft des MFC 08 Lindenhof in die B-Klasse ab.Diesen Abstieg nahmen einige der \u00e4lteren Spieler zum Anlass der Jugend Platz zu machen.Sie wollten jedoch weiter wettkampfm\u00e4\u00dfig Fu\u00dfball spielen, weshalb sie zu dem Entschluss kamen, eine Privatmannschaft zu gr\u00fcnden. Im 8.Mai 1958 unterschrieb der damalige Vorstand das&hellip;&nbsp;<a href=\"https:\/\/mfc08.de\/?p=4257\" rel=\"bookmark\">Weiterlesen &raquo;<span class=\"screen-reader-text\">Vorzeitige (Corona-)Winterpause<\/span><\/a><\/p>\n","protected":false},"author":1,"featured_media":0,"parent":43,"menu_order":0,"comment_status":"closed","ping_status":"closed","template":"","meta":{"neve_meta_sidebar":"full-width","neve_meta_container":"","neve_meta_enable_content_width":"off","neve_meta_content_width":100,"neve_meta_title_alignment":"center","neve_meta_author_avatar":"","neve_post_elements_order":"","neve_meta_disable_header":"","neve_meta_disable_footer":"","neve_meta_disable_title":"","_themeisle_gutenberg_block_has_review":false,"footnotes":""},"class_list":["post-903","page","type-page","status-publish","hentry"],"_links":{"self":[{"href":"https:\/\/mfc08.de\/index.php?rest_route=\/wp\/v2\/pages\/903","targetHints":{"allow":["GET"]}}],"collection":[{"href":"https:\/\/mfc08.de\/index.php?rest_route=\/wp\/v2\/pages"}],"about":[{"href":"https:\/\/mfc08.de\/index.php?rest_route=\/wp\/v2\/types\/page"}],"author":[{"embeddable":true,"href":"https:\/\/mfc08.de\/index.php?rest_route=\/wp\/v2\/users\/1"}],"replies":[{"embeddable":true,"href":"https:\/\/mfc08.de\/index.php?rest_route=%2Fwp%2Fv2%2Fcomments&post=903"}],"version-history":[{"count":59,"href":"https:\/\/mfc08.de\/index.php?rest_route=\/wp\/v2\/pages\/903\/revisions"}],"predecessor-version":[{"id":8665,"href":"https:\/\/mfc08.de\/index.php?rest_route=\/wp\/v2\/pages\/903\/revisions\/8665"}],"up":[{"embeddable":true,"href":"https:\/\/mfc08.de\/index.php?rest_route=\/wp\/v2\/pages\/43"}],"wp:attachment":[{"href":"https:\/\/mfc08.de\/index.php?rest_route=%2Fwp%2Fv2%2Fmedia&parent=903"}],"curies":[{"name":"wp","href":"https:\/\/api.w.org\/{rel}","templated":true}]}}